{"id":9,"date":"2024-12-12T12:29:10","date_gmt":"2024-12-12T12:29:10","guid":{"rendered":"https:\/\/owvebneiv.preview.infomaniak.website\/?page_id=9"},"modified":"2025-12-18T08:52:37","modified_gmt":"2025-12-18T08:52:37","slug":"accueil","status":"publish","type":"page","link":"https:\/\/standconcept.ch\/en\/","title":{"rendered":"ACCUEIL"},"content":{"rendered":"<h1>NOS SERVICES<\/h1>\n<h2>\n<p>Plus qu\u2019un stand d&#8217;exposition. Un univers.<\/p>\n<\/h2>\n<div>\n<p><span>Nous concevons des\u00a0stands d&#8217;exposition\u00a0dans lesquels se refl\u00e8te votre ADN. Nos r\u00e9alisations sont uniques. Elles expriment votre personnalit\u00e9 et l\u00e8vent le voile sur votre univers. Venez avec vos envies, nous nous chargeons du reste. De tout le reste. De l&#8217;\u00e9tude de votre projet au montage\u00a0\u00e0 une foire en Suisse ou en Europe. De la r\u00e9alisation d&#8217;un stand sur-mesure \u00e0 la location d&#8217;\u00e9l\u00e9ments modulaires.<\/span><\/p>\n<\/div>\n<ul>\n<li>\n<p>        <img decoding=\"async\" src=\"\/wp-content\/uploads\/2025\/11\/bien_air_ids_1-copie-scaled.jpg\" alt=\"\"><\/p>\n<h3>STANDS D&#8217;EXPOSITION<\/h3>\n<div>\n<ul>\n<li>Stands d&#8217;exposition personnalis\u00e9s<\/li>\n<li>Stands d&#8217;exposition modulaires<\/li>\n<li>R\u00e9alisation de projets d\u2019agences<\/li>\n<li>Gestion de la logistique \u00e9v\u00e9nementielle<\/li>\n<li>Syst\u00e8mes d\u2019exposition pliables<\/li>\n<\/ul>\n<\/div>\n<p><a href=\"\/services\/#standsexposition\"><\/a><\/p>\n<\/li>\n<li>\n<p>        <img decoding=\"async\" src=\"\/wp-content\/uploads\/2025\/11\/RIBAG_showroom_2019_001-scaled.jpg\" alt=\"\"><\/p>\n<h3>MUS\u00c9ES ET DESIGNS D&#8217;INT\u00c9RIEUR<\/h3>\n<div>\n<ul>\n<li>Am\u00e9nagement d\u2019espaces<\/li>\n<li>Cr\u00e9ation de showrooms<\/li>\n<li>Installations artistiques<\/li>\n<li>Architecture d\u2019int\u00e9rieur<\/li>\n<li>Architecture publicitaire<\/li>\n<\/ul>\n<\/div>\n<p><a href=\"\/services\/#DESIGN_D%E2%80%99INT%C3%89RIEUR\"><\/a><\/p>\n<\/li>\n<li>\n<p>        <img decoding=\"async\" src=\"\/wp-content\/uploads\/2025\/04\/projects_modifications_07_w708h530zcC_jpg.jpg\" alt=\"\"><\/p>\n<h3>STANDS PROMOTIONNELS<\/h3>\n<div>\n<ul>\n<li>Syst\u00e8mes d\u2019exposition l\u00e9gers<\/li>\n<li>Pr\u00e9sentoirs<\/li>\n<li>Simulateurs d\u2019activit\u00e9s<\/li>\n<li>Displays multim\u00e9dias<\/li>\n<\/ul>\n<\/div>\n<p><a href=\"\/services\/#STANDS_PROMOTIONNELS\"><\/a><\/p>\n<\/li>\n<li>\n<p>        <img decoding=\"async\" src=\"\/wp-content\/uploads\/2025\/06\/StandConcept_VideoEntreprise_Stills_6.2-copie.jpg\" alt=\"\"><\/p>\n<h3>TECHNIQUES PUBLICITAIRE &#8211; DCO<\/h3>\n<div>\n<ul>\n<li>Ex\u00e9cution publicitaires d&#8217;exposition<\/li>\n<li>R\u00e9alisation de logos en toutes mati\u00e8res<\/li>\n<li>Impressions digitales tous formats<\/li>\n<li>Concepts globaux de signal\u00e9tique<\/li>\n<li>Enseignes, v\u00e9hicules, totems<\/li>\n<\/ul>\n<\/div>\n<p><a href=\"\/services\/#DCO_TECHNIQUE_PUBLICITAIRE\"><\/a><\/p>\n<\/li>\n<li>\n<p>        <img decoding=\"async\" src=\"\/wp-content\/uploads\/2024\/12\/projects_capture_d_____cran_2017_08_21____15.30.10_w708h530zcC_png.jpg\" alt=\"\"><\/p>\n<h3>LOCATION DE MOBILIER<\/h3>\n<div>\n<ul>\n<li>Design et fabrication de mobilier<\/li>\n<li>Location de mobilier<\/li>\n<li>Location de luminaires<\/li>\n<\/ul>\n<\/div>\n<p><a href=\"\/services\/#Location_de_mobilier\"><\/a><\/p>\n<\/li>\n<\/ul>\n<p><p>\n        <a href=\"\/services\/\">D\u00e9couvrez nos services<\/a>\n    <\/p>\n<\/p>\n<h3>NOS DERNI\u00c8RES R\u00c9ALISATIONS<\/h3>\n<ul>\n<li>\n<p>        <img decoding=\"async\" src=\"\/wp-content\/uploads\/2025\/10\/RIBAG_showroom_2019_PK_04191-HDR-Bearbeitet-scaled.jpeg\" alt=\"\"><\/p>\n<h4>RIBAG<\/h4>\n<p><a href=\"\/ribag\/\">Plus de d\u00e9tails<\/a><\/p>\n<\/li>\n<li>\n<p>        <img decoding=\"async\" src=\"\/wp-content\/uploads\/2025\/10\/1a.jpg\" alt=\"\"><\/p>\n<h4>MIKRON<\/h4>\n<p><a href=\"\/mikron\/\">Plus de d\u00e9tails<\/a><\/p>\n<\/li>\n<\/ul>\n<ul>\n<li>\n<p>        <img decoding=\"async\" src=\"\/wp-content\/uploads\/2025\/10\/P1010037.jpg\" alt=\"\"><\/p>\n<h4>DIETIKER<\/h4>\n<p><a href=\"\/dietiker\/\">Plus de d\u00e9tails<\/a><\/p>\n<\/li>\n<li>\n<p>        <img decoding=\"async\" src=\"\/wp-content\/uploads\/2025\/10\/BienAir_2025_IDS_KolnIMG_4847-scaled.jpeg\" alt=\"\"><\/p>\n<h4>BIEN AIR DENTAL<\/h4>\n<p><a href=\"\/bien-air-dental\/\">Plus de d\u00e9tails<\/a><\/p>\n<\/li>\n<li>\n<p>        <img decoding=\"async\" src=\"\/wp-content\/uploads\/2025\/10\/CPIH_Lausanne-2024_CPIH_Lausanne-2024_NEW__IMG_7712-scaled.jpeg\" alt=\"\"><\/p>\n<h4>CPIH<\/h4>\n<p><a href=\"\/cpih\/\">Plus de d\u00e9tails<\/a><\/p>\n<\/li>\n<\/ul>\n<ul>\n<li>\n<p>        <img decoding=\"async\" src=\"\/wp-content\/uploads\/2025\/10\/UNIVERRE_Agrovina-24_IMG_6351-scaled.jpeg\" alt=\"\"><\/p>\n<h4>UNIVERRE<\/h4>\n<p><a href=\"\/univerre-pro-uva-sa\/\">Plus de d\u00e9tails<\/a><\/p>\n<\/li>\n<li>\n<p>        <img decoding=\"async\" src=\"\/wp-content\/uploads\/2025\/10\/MAH_1075_Et-pourtant.-Corbusier_1631_EPTASBC_%EF%BD%B8_MAH_Gen%E9%9D%A9e_photographe_Flora_Bevilacqua-Grande.jpeg\" alt=\"\"><\/p>\n<h4>MAH GEN\u00c8VE<\/h4>\n<p><a href=\"\/musee-dart-et-dhistoire-de-geneve\/\">Plus de d\u00e9tails<\/a><\/p>\n<\/li>\n<li>\n<p>        <img decoding=\"async\" src=\"\/wp-content\/uploads\/2025\/10\/SiteWeb_01-scaled.jpg\" alt=\"\"><\/p>\n<h4>BIEN AIR DENTAL<\/h4>\n<p><a href=\"\/bien-air-dental\/\">Plus de d\u00e9tails<\/a><\/p>\n<\/li>\n<\/ul>\n<h2>\n<p>UNE \u00c9QUIPE PROFESSIONNELLE<\/p>\n<\/h2>\n<p><p>\n        <a href=\"\/portrait\/\">En savoir plus <\/a>\n    <\/p>\n<\/p>\n<p><img decoding=\"async\" src=\"\/wp-content\/uploads\/2025\/08\/StandConcept_PhotosPortraits_16-scaled.jpg\" alt=\"\"><br \/>\n<img decoding=\"async\" src=\"\/wp-content\/uploads\/cta-icon.svg\" alt=\"\"><\/p>\n<h2>Vous souhaitez r\u00e9aliser un projet ?<\/h2>\n<p><p>\n        <a href=\"\/contact\/\">Contactez-nous<\/a>\n    <\/p>\n<\/p>\n<p><!--more--><br \/>\n<!-- {\"type\":\"layout\",\"children\":[{\"name\":\"About\",\"type\":\"section\",\"props\":{\"animation_delay\":false,\"id\":\"Univers\",\"image_effect\":\"fixed\",\"image_position\":\"center-center\",\"image_size\":\"cover\",\"media_overlay\":\"rgba(0, 0, 0, 0.55)\",\"padding\":\"small\",\"padding_remove_top\":false,\"style\":\"default\",\"title_breakpoint\":\"xl\",\"title_position\":\"top-left\",\"title_rotation\":\"left\",\"vertical_align\":\"\",\"width\":\"large\"},\"children\":[{\"type\":\"row\",\"props\":{\"margin\":\"large\"},\"children\":[{\"type\":\"column\",\"props\":{\"image_position\":\"center-center\",\"position_sticky_breakpoint\":\"m\"},\"children\":[{\"type\":\"headline\",\"props\":{\"content\":\"NOS SERVICES\",\"content_de_de\":\"UNSERE DIENSTLEISTUNGEN\",\"content_en_gb\":\"OUR SERVICES\",\"text_align\":\"center\",\"title_element\":\"h1\",\"title_style\":\"h2\"}},{\"type\":\"divider\",\"props\":{\"animation\":\"slide-bottom-medium\",\"divider_align\":\"center\",\"divider_element\":\"div\",\"divider_style\":\"small\"}},{\"type\":\"headline\",\"props\":{\"animation\":\"parallax\",\"content\":\"\n\n<p>Plus qu\\u2019un stand d'exposition. Un univers.<\\\/p>\",\"content_de_de\":\"Mehr als ein Stand \\u2013 ein eigenes Universum.\",\"content_en_gb\":\"Not just a stand. More like a universe.\",\"parallax_breakpoint\":\"m\",\"parallax_easing\":\"1\",\"parallax_end\":\"90vh + 90%\",\"parallax_opacity\":\"0.3,1\",\"parallax_y\":\"15,0\",\"text_align\":\"center\",\"title_element\":\"h2\",\"title_style\":\"h5\"}},{\"type\":\"text\",\"props\":{\"block_align\":\"center\",\"column_breakpoint\":\"m\",\"content\":\"\n\n<p><span>Nous concevons des\\u00a0stands d'exposition\\u00a0dans lesquels se refl\\u00e8te votre ADN. Nos r\\u00e9alisations sont uniques. Elles expriment votre personnalit\\u00e9 et l\\u00e8vent le voile sur votre univers. Venez avec vos envies, nous nous chargeons du reste. De tout le reste. De l'\\u00e9tude de votre projet au montage\\u00a0\\u00e0 une foire en Suisse ou en Europe. De la r\\u00e9alisation d'un stand sur-mesure \\u00e0 la location d'\\u00e9l\\u00e9ments modulaires.<\\\/span><\\\/p>\",\"content_de_de\":\"\n\n<p><span>Wir konzipieren Messest\\u00e4nde, in denen sich die DNA Ihres Unternehmens widerspiegelt. Unsere Projekte sind einzigartig. Sie verk\\u00f6rpern Ihre Pers\\u00f6nlichkeit und \\u00f6ffnen dem Besucher die T\\u00fcr in Ihr Universum. Kommen Sie zu uns mit Ihren W\\u00fcnschen \\u2013 um die restlichen Angelegenheiten brauchen Sie sich nicht zu k\\u00fcmmern.\\u00a0Von der Projektstudie bis zum Standaufbau an Messen in der Schweiz und in Europa. Von der massgeschneiderten Stand-Realisierung bis zur Vermietung modularer Elemente.<\\\/span><\\\/p>\",\"content_en_gb\":\"\n\n<p><span>We conceive spaces that reflect your company's DNA. Our projects are unique. They embody your personality and entice the visitor\\\/customer into your universe. Just tell us what you want\\u2014we'll take care of the rest. All of it.<\\\/span><\\\/p>\",\"margin\":\"default\",\"maxwidth\":\"2xlarge\",\"text_align\":\"center\"}}]}]}]},{\"type\":\"section\",\"props\":{\"height\":\"pixels\",\"height_viewport\":560,\"image\":\"wp-content\\\/uploads\\\/2025\\\/11\\\/animation_loop_reverse_2.svg\",\"image_position\":\"center-center\",\"image_size\":\"cover\",\"padding_remove_bottom\":false,\"padding_remove_top\":false,\"style\":\"default\",\"title_breakpoint\":\"xl\",\"title_position\":\"top-left\",\"title_rotation\":\"left\",\"vertical_align\":\"middle\",\"width\":\"large\"},\"children\":[{\"type\":\"row\",\"children\":[{\"type\":\"column\",\"props\":{\"image_position\":\"center-center\",\"position_sticky_breakpoint\":\"m\",\"width_medium\":\"1-1\"},\"children\":[{\"type\":\"grid\",\"props\":{\"content_column_breakpoint\":\"m\",\"filter_align\":\"left\",\"filter_all\":true,\"filter_grid_breakpoint\":\"m\",\"filter_grid_width\":\"auto\",\"filter_position\":\"top\",\"filter_style\":\"tab\",\"grid_column_gap\":\"medium\",\"grid_default\":\"auto\",\"grid_medium\":\"5\",\"grid_row_gap\":\"medium\",\"grid_small\":\"2\",\"icon_width\":80,\"image_align\":\"top\",\"image_grid_breakpoint\":\"m\",\"image_grid_width\":\"1-2\",\"image_link\":false,\"image_svg_color\":\"emphasis\",\"image_width\":\"450\",\"item_animation\":true,\"lightbox_bg_close\":true,\"link_style\":\"default\",\"link_text\":\"\",\"margin\":\"default\",\"margin_remove_bottom\":true,\"meta_align\":\"below-title\",\"meta_element\":\"div\",\"meta_margin\":\"remove\",\"meta_style\":\"text-meta\",\"panel_image_no_padding\":true,\"panel_link\":true,\"panel_link_hover\":\"true\",\"panel_padding\":\"small\",\"panel_style\":\"card-default\",\"parallax_easing\":\"1\",\"show_content\":false,\"show_hover_image\":true,\"show_hover_video\":true,\"show_image\":true,\"show_link\":true,\"show_meta\":true,\"show_title\":true,\"show_video\":true,\"title_align\":\"top\",\"title_element\":\"h3\",\"title_grid_breakpoint\":\"m\",\"title_grid_width\":\"1-2\",\"title_hover_style\":\"reset\",\"title_link\":false,\"title_style\":\"h5\"},\"children\":[{\"type\":\"grid_item\",\"props\":{\"content\":\"\n\n<ul>\\n\n\n<li>Stands d'exposition personnalis\\u00e9s<\\\/li>\\n\n\n<li>Stands d'exposition modulaires<\\\/li>\\n\n\n<li>R\\u00e9alisation de projets d\\u2019agences<\\\/li>\\n\n\n<li>Gestion de la logistique \\u00e9v\\u00e9nementielle<\\\/li>\\n\n\n<li>Syst\\u00e8mes d\\u2019exposition pliables<\\\/li>\\n<\\\/ul>\",\"content_de_de\":\"\n\n<ul>\\n\n\n<li>Individuell gestaltete Messest\\u00e4nde<\\\/li>\\n\n\n<li>Modulare Messest\\u00e4nde<\\\/li>\\n\n\n<li>Realisierung von Agenturprojekten<\\\/li>\\n\n\n<li>Logistikmanagement f\\u00fcr Veranstaltungen<\\\/li>\\n\n\n<li>Faltbare Ausstellungssysteme<\\\/li>\\n<\\\/ul>\",\"content_en_gb\":\"\n\n<ul>\\n\n\n<li>Custom exhibition stands<\\\/li>\\n\n\n<li>Modular exhibition stands<\\\/li>\\n\n\n<li>Agency project implementation<\\\/li>\\n\n\n<li>Event logistics management<\\\/li>\\n\n\n<li>Foldable exhibition systems<\\\/li>\\n<\\\/ul>\",\"hover_image\":\"\",\"image\":\"wp-content\\\/uploads\\\/2025\\\/11\\\/bien_air_ids_1-copie-scaled.jpg\",\"item_element\":\"article\",\"link\":\"services\\\/#standsexposition\",\"link_de_de\":\"\\\/de\\\/services\\\/#standsexposition\",\"link_en_gb\":\"\\\/en\\\/services\\\/#standsexposition\",\"meta\":\"\",\"title\":\"STANDS D'EXPOSITION\",\"title_de_de\":\"MESSEST\\u00c4NDE\",\"title_en_gb\":\"EXHIBITION STANDS\"}},{\"type\":\"grid_item\",\"props\":{\"content\":\"\n\n<ul>\\n\n\n<li>Am\\u00e9nagement d\\u2019espaces<\\\/li>\\n\n\n<li>Cr\\u00e9ation de showrooms<\\\/li>\\n\n\n<li>Installations artistiques<\\\/li>\\n\n\n<li>Architecture d\\u2019int\\u00e9rieur<\\\/li>\\n\n\n<li>Architecture publicitaire<\\\/li>\\n<\\\/ul>\",\"content_de_de\":\"\n\n<ul>\\n\n\n<li>Raumgestaltung<\\\/li>\\n\n\n<li>Einrichtung von Ausstellungsr\\u00e4umen<\\\/li>\\n\n\n<li>Kunstinstallationen<\\\/li>\\n\n\n<li>Innenarchitektur<\\\/li>\\n\n\n<li>Werbearchitektur<\\\/li>\\n<\\\/ul>\",\"content_en_gb\":\"\n\n<ul>\\n\n\n<li>Space planning<\\\/li>\\n\n\n<li>Showroom design<\\\/li>\\n\n\n<li>Art installations<\\\/li>\\n\n\n<li>Interior design<\\\/li>\\n\n\n<li>Advertising architecture<\\\/li>\\n<\\\/ul>\",\"image\":\"wp-content\\\/uploads\\\/2025\\\/11\\\/RIBAG_showroom_2019_001-scaled.jpg\",\"item_element\":\"article\",\"link\":\"services\\\/#DESIGN_D\\u2019INT\\u00c9RIEUR\",\"link_de_de\":\"\\\/de\\\/services\\\/#DESIGN_D\\u2019INT\\u00c9RIEUR\",\"link_en_gb\":\"\\\/en\\\/services\\\/#DESIGN_D\\u2019INT\\u00c9RIEUR\",\"meta\":\"\",\"title\":\"MUS\\u00c9ES ET DESIGNS D'INT\\u00c9RIEUR\",\"title_de_de\":\"MUSEEN UND INNENARCHITEKTUR\",\"title_en_gb\":\"MUSEUMS AND INTERIOR DESIGN\"}},{\"type\":\"grid_item\",\"props\":{\"content\":\"\n\n<ul>\\n\n\n<li>Syst\\u00e8mes d\\u2019exposition l\\u00e9gers<\\\/li>\\n\n\n<li>Pr\\u00e9sentoirs<\\\/li>\\n\n\n<li>Simulateurs d\\u2019activit\\u00e9s<\\\/li>\\n\n\n<li>Displays multim\\u00e9dias<\\\/li>\\n<\\\/ul>\",\"content_de_de\":\"\n\n<ul>\\n\n\n<li>Leichte Ausstellungssysteme<\\\/li>\\n\n\n<li>Ausstellungsst\\u00e4nder<\\\/li>\\n\n\n<li>Aktivit\\u00e4tssimulatoren<\\\/li>\\n\n\n<li>Multimedia-Displays<\\\/li>\\n<\\\/ul>\",\"content_en_gb\":\"\n\n<ul>\\n\n\n<li>Lightweight exhibition systems<\\\/li>\\n\n\n<li>Display stands<\\\/li>\\n\n\n<li>Activity simulators<\\\/li>\\n\n\n<li>Multimedia displays<\\\/li>\\n<\\\/ul>\",\"image\":\"wp-content\\\/uploads\\\/2025\\\/04\\\/projects_modifications_07_w708h530zcC_jpg.jpg\",\"item_element\":\"article\",\"link\":\"services\\\/#STANDS_PROMOTIONNELS\",\"link_de_de\":\"\\\/de\\\/services\\\/#STANDS_PROMOTIONNELS\",\"link_en_gb\":\"\\\/en\\\/services\\\/#STANDS_PROMOTIONNELS\",\"meta\":\"\",\"title\":\"STANDS PROMOTIONNELS\",\"title_de_de\":\"WERBEST\\u00c4NDE\",\"title_en_gb\":\"PROMOTIONAL STANDS\"}},{\"type\":\"grid_item\",\"props\":{\"content\":\"\n\n<ul>\\n\n\n<li>Ex\\u00e9cution publicitaires d'exposition<\\\/li>\\n\n\n<li>R\\u00e9alisation de logos en toutes mati\\u00e8res<\\\/li>\\n\n\n<li>Impressions digitales tous formats<\\\/li>\\n\n\n<li>Concepts globaux de signal\\u00e9tique<\\\/li>\\n\n\n<li>Enseignes, v\\u00e9hicules, totems<\\\/li>\\n<\\\/ul>\",\"image\":\"wp-content\\\/uploads\\\/2025\\\/06\\\/StandConcept_VideoEntreprise_Stills_6.2-copie.jpg\",\"item_element\":\"article\",\"link\":\"services\\\/#DCO_TECHNIQUE_PUBLICITAIRE\",\"link_de_de\":\"\\\/de\\\/services\\\/#DCO_TECHNIQUE_PUBLICITAIRE\",\"link_en_gb\":\"\\\/en\\\/services\\\/#DCO_TECHNIQUE_PUBLICITAIRE\",\"meta\":\"\",\"title\":\"TECHNIQUES PUBLICITAIRE - DCO\",\"title_de_de\":\"WERBEABTEILUNG - DCO\",\"title_en_gb\":\"ADVERTISING DEPARTMENT - DCO\"}},{\"type\":\"grid_item\",\"props\":{\"content\":\"\n\n<ul>\\n\n\n<li>Design et fabrication de mobilier<\\\/li>\\n\n\n<li>Location de mobilier<\\\/li>\\n\n\n<li>Location de luminaires<\\\/li>\\n<\\\/ul>\",\"content_de_de\":\"\n\n<ul>\\n\n\n<li>Entwurf und Herstellung von M\\u00f6beln<\\\/li>\\n\n\n<li>Vermietung von M\\u00f6beln<\\\/li>\\n\n\n<li>Vermietung von Beleuchtungsk\\u00f6rpern<\\\/li>\\n<\\\/ul>\",\"content_en_gb\":\"\n\n<ul>\\n\n\n<li>Furniture design and manufacturing<\\\/li>\\n\n\n<li>Furniture rental<\\\/li>\\n\n\n<li>Lighting rental<\\\/li>\\n<\\\/ul>\",\"image\":\"wp-content\\\/uploads\\\/2024\\\/12\\\/projects_capture_d_____cran_2017_08_21____15.30.10_w708h530zcC_png.jpg\",\"item_element\":\"article\",\"link\":\"services\\\/#Location_de_mobilier\",\"link_de_de\":\"\\\/de\\\/services\\\/#Location_de_mobilier\",\"link_en_gb\":\"\\\/en\\\/services\\\/#Location_de_mobilier\",\"meta\":\"\",\"title\":\"LOCATION DE MOBILIER\",\"title_de_de\":\"M\\u00d6BELVERMIETUNG\",\"title_en_gb\":\"FURNITURE RENTAL\"}}]},{\"type\":\"button\",\"props\":{\"animation\":\"none\",\"block_align\":\"center\",\"css\":\"@media (max-width: 1460px)  {\\n\\t.el-element { margin-bottom: 70px; }\\n}\",\"grid_column_gap\":\"small\",\"grid_row_gap\":\"small\",\"margin\":\"default\",\"margin_remove_bottom\":false,\"margin_remove_top\":false,\"maxwidth\":\"large\",\"parallax_x\":\"100,150\",\"position\":\"relative\",\"text_align\":\"center\",\"text_align_breakpoint\":\"xl\",\"text_align_fallback\":\"center\"},\"children\":[{\"type\":\"button_item\",\"props\":{\"button_style\":\"primary\",\"content\":\"D\\u00e9couvrez nos services\",\"content_de_de\":\"Entdecken Sie unsere Dienstleistungen\",\"content_en_gb\":\"Discover our services\",\"dialog_layout\":\"modal\",\"dialog_offcanvas_flip\":true,\"icon_align\":\"left\",\"link\":\"services\\\/\",\"link_de_de\":\"\\\/de\\\/services\\\/\",\"link_en_gb\":\"\\\/en\\\/services\\\/\"}}]}]}],\"props\":{\"margin\":\"default\"}}],\"name\":\"Categories\"},{\"name\":\"Services\",\"type\":\"section\",\"props\":{\"animation_delay\":false,\"id\":\"Nos_r\\u00e9alisation\",\"image_position\":\"center-center\",\"padding_remove_bottom\":true,\"padding_remove_top\":false,\"style\":\"default\",\"title_breakpoint\":\"xl\",\"title_position\":\"top-left\",\"title_rotation\":\"left\",\"vertical_align\":\"\",\"video_title\":\"Video_Standconcept_Intro\",\"width\":\"large\"},\"children\":[{\"type\":\"row\",\"props\":{\"column_gap\":\"small\",\"layout\":\"1-3,2-3\",\"margin_remove_bottom\":false,\"margin_remove_top\":false,\"row_gap\":\"small\"},\"children\":[{\"type\":\"column\",\"props\":{\"image_position\":\"center-center\",\"position_sticky_breakpoint\":\"m\",\"width_medium\":\"1-3\"},\"children\":[{\"type\":\"headline\",\"props\":{\"animation\":\"parallax\",\"content\":\"NOS DERNI\\u00c8RES R\\u00c9ALISATIONS\",\"content_de_de\":\"UNSERE NEUESTEN PROJEKTE\",\"content_en_gb\":\"OUR MOST RECENT PROJECTS\",\"maxwidth\":\"large\",\"maxwidth_breakpoint\":\"m\",\"parallax_breakpoint\":\"m\",\"parallax_easing\":\"1\",\"parallax_end\":\"70vh + 70%\",\"parallax_opacity\":\"0.3,1\",\"parallax_y\":\"15,0\",\"position\":\"relative\",\"position_top\":\"0\",\"text_align\":\"left\",\"text_align_breakpoint\":\"xl\",\"text_align_fallback\":\"left\",\"title_element\":\"h3\",\"title_style\":\"h2\"}},{\"type\":\"divider\",\"props\":{\"animation\":\"slide-bottom-medium\",\"divider_align\":\"left\",\"divider_element\":\"div\",\"divider_style\":\"small\"}}]},{\"type\":\"column\",\"props\":{\"image_position\":\"center-center\",\"position_sticky_breakpoint\":\"m\",\"width_medium\":\"2-3\"},\"children\":[{\"type\":\"gallery\",\"props\":{\"animation\":\"none\",\"filter_align\":\"left\",\"filter_all\":true,\"filter_grid_breakpoint\":\"m\",\"filter_grid_width\":\"auto\",\"filter_position\":\"top\",\"filter_style\":\"tab\",\"grid_column_gap\":\"small\",\"grid_default\":\"1\",\"grid_medium\":\"\",\"grid_row_gap\":\"small\",\"grid_small\":\"2\",\"image_height\":650,\"image_transition\":\"scale-up\",\"image_width\":\"850\",\"item_animation\":true,\"lightbox_bg_close\":true,\"link_style\":\"link-text\",\"link_text\":\"More Details\",\"margin\":\"\",\"meta_align\":\"below-title\",\"meta_element\":\"div\",\"meta_style\":\"\",\"overlay_hover\":true,\"overlay_link\":true,\"overlay_maxwidth\":\"large\",\"overlay_mode\":\"cover\",\"overlay_padding\":\"none\",\"overlay_position\":\"center\",\"overlay_style\":\"overlay-default\",\"overlay_transition\":\"fade\",\"parallax_easing\":\"1\",\"show_content\":true,\"show_hover_image\":true,\"show_hover_video\":true,\"show_link\":true,\"show_meta\":true,\"show_title\":true,\"text_align\":\"center\",\"text_color\":\"\",\"title_element\":\"h4\",\"title_hover_style\":\"reset\",\"title_style\":\"h2\"},\"children\":[{\"type\":\"gallery_item\",\"props\":{\"content\":\"\",\"image\":\"wp-content\\\/uploads\\\/2025\\\/10\\\/RIBAG_showroom_2019_PK_04191-HDR-Bearbeitet-scaled.jpeg\",\"link\":\"ribag\\\/\",\"link_text\":\"Plus de d\\u00e9tails\",\"link_text_de_de\":\"Weitere Details\",\"link_text_en_gb\":\"More details\",\"title\":\"RIBAG\"}},{\"type\":\"gallery_item\",\"props\":{\"content\":\"\",\"image\":\"wp-content\\\/uploads\\\/2025\\\/10\\\/1a.jpg\",\"link\":\"mikron\\\/\",\"link_text\":\"Plus de d\\u00e9tails\",\"link_text_de_de\":\"Weitere Details\",\"link_text_en_gb\":\"More details\",\"title\":\"MIKRON\"}}]}]}]},{\"type\":\"row\",\"props\":{\"column_gap\":\"small\",\"row_gap\":\"small\"},\"children\":[{\"type\":\"column\",\"props\":{\"image_position\":\"center-center\",\"position_sticky_breakpoint\":\"m\",\"width_medium\":\"1-1\"},\"children\":[{\"type\":\"gallery\",\"props\":{\"animation\":\"none\",\"filter_align\":\"left\",\"filter_all\":true,\"filter_grid_breakpoint\":\"m\",\"filter_grid_width\":\"auto\",\"filter_position\":\"top\",\"filter_style\":\"tab\",\"grid_column_gap\":\"small\",\"grid_default\":\"1\",\"grid_medium\":\"3\",\"grid_row_gap\":\"small\",\"grid_small\":\"3\",\"image_height\":650,\"image_transition\":\"scale-up\",\"image_width\":\"850\",\"item_animation\":true,\"lightbox_bg_close\":true,\"link_style\":\"link-text\",\"link_text\":\"More Details\",\"margin\":\"\",\"meta_align\":\"below-title\",\"meta_element\":\"div\",\"meta_style\":\"\",\"overlay_hover\":true,\"overlay_link\":true,\"overlay_maxwidth\":\"large\",\"overlay_mode\":\"cover\",\"overlay_padding\":\"none\",\"overlay_position\":\"center\",\"overlay_style\":\"overlay-default\",\"overlay_transition\":\"fade\",\"parallax_easing\":\"1\",\"show_content\":true,\"show_hover_image\":true,\"show_hover_video\":true,\"show_link\":true,\"show_meta\":true,\"show_title\":true,\"text_align\":\"center\",\"text_color\":\"\",\"title_element\":\"h4\",\"title_hover_style\":\"reset\",\"title_style\":\"h2\"},\"children\":[{\"type\":\"gallery_item\",\"props\":{\"content\":\"\",\"image\":\"wp-content\\\/uploads\\\/2025\\\/10\\\/P1010037.jpg\",\"link\":\"dietiker\\\/\",\"link_text\":\"Plus de d\\u00e9tails\",\"link_text_de_de\":\"Weitere Details\",\"link_text_en_gb\":\"More details\",\"title\":\"DIETIKER\"}},{\"type\":\"gallery_item\",\"props\":{\"content\":\"\",\"image\":\"wp-content\\\/uploads\\\/2025\\\/10\\\/BienAir_2025_IDS_KolnIMG_4847-scaled.jpeg\",\"link\":\"bien-air-dental\\\/\",\"link_text\":\"Plus de d\\u00e9tails\",\"link_text_de_de\":\"Weitere Details\",\"link_text_en_gb\":\"More details\",\"title\":\"BIEN AIR DENTAL\"}},{\"type\":\"gallery_item\",\"props\":{\"content\":\"\",\"image\":\"wp-content\\\/uploads\\\/2025\\\/10\\\/CPIH_Lausanne-2024_CPIH_Lausanne-2024_NEW__IMG_7712-scaled.jpeg\",\"link\":\"cpih\\\/\",\"link_text\":\"Plus de d\\u00e9tails\",\"link_text_de_de\":\"Weitere Details\",\"link_text_en_gb\":\"More details\",\"title\":\"CPIH\"}}]}]}]},{\"type\":\"row\",\"props\":{\"column_gap\":\"small\",\"row_gap\":\"small\"},\"children\":[{\"type\":\"column\",\"props\":{\"image_position\":\"center-center\",\"position_sticky_breakpoint\":\"m\",\"width_medium\":\"1-1\"},\"children\":[{\"type\":\"gallery\",\"props\":{\"animation\":\"none\",\"filter\":false,\"filter_align\":\"left\",\"filter_all\":true,\"filter_grid_breakpoint\":\"m\",\"filter_grid_width\":\"auto\",\"filter_position\":\"top\",\"filter_style\":\"tab\",\"grid_column_gap\":\"small\",\"grid_default\":\"1\",\"grid_medium\":\"3\",\"grid_row_gap\":\"small\",\"grid_small\":\"3\",\"image_height\":650,\"image_transition\":\"scale-up\",\"image_width\":\"850\",\"item_animation\":true,\"lightbox_bg_close\":true,\"link_style\":\"link-text\",\"link_text\":\"More Details\",\"margin\":\"\",\"meta_align\":\"below-title\",\"meta_element\":\"div\",\"meta_style\":\"\",\"overlay_hover\":true,\"overlay_link\":true,\"overlay_maxwidth\":\"large\",\"overlay_mode\":\"cover\",\"overlay_padding\":\"none\",\"overlay_position\":\"center\",\"overlay_style\":\"overlay-default\",\"overlay_transition\":\"fade\",\"parallax_easing\":\"1\",\"show_content\":true,\"show_hover_image\":true,\"show_hover_video\":true,\"show_link\":true,\"show_meta\":true,\"show_title\":true,\"text_align\":\"center\",\"text_color\":\"\",\"title_element\":\"h4\",\"title_hover_style\":\"reset\",\"title_style\":\"h2\"},\"children\":[{\"type\":\"gallery_item\",\"props\":{\"content\":\"\",\"image\":\"wp-content\\\/uploads\\\/2025\\\/10\\\/UNIVERRE_Agrovina-24_IMG_6351-scaled.jpeg\",\"link\":\"univerre-pro-uva-sa\\\/\",\"link_text\":\"Plus de d\\u00e9tails\",\"link_text_de_de\":\"Weitere Details\",\"link_text_en_gb\":\"More details\",\"title\":\"UNIVERRE\"}},{\"type\":\"gallery_item\",\"props\":{\"content\":\"\",\"image\":\"wp-content\\\/uploads\\\/2025\\\/10\\\/MAH_1075_Et-pourtant.-Corbusier_1631_EPTASBC_\\uff78_MAH_Gen\\u9769e_photographe_Flora_Bevilacqua-Grande.jpeg\",\"link\":\"musee-dart-et-dhistoire-de-geneve\\\/\",\"link_text\":\"Plus de d\\u00e9tails\",\"link_text_de_de\":\"Weitere Details\",\"link_text_en_gb\":\"More details\",\"title\":\"MAH GEN\\u00c8VE\"}},{\"type\":\"gallery_item\",\"props\":{\"content\":\"\",\"image\":\"wp-content\\\/uploads\\\/2025\\\/10\\\/SiteWeb_01-scaled.jpg\",\"link\":\"bien-air-dental\\\/\",\"link_text\":\"Plus de d\\u00e9tails\",\"link_text_de_de\":\"Weitere Details\",\"link_text_en_gb\":\"More details\",\"title\":\"BIEN AIR DENTAL\"}}]},{\"type\":\"button\",\"props\":{\"animation\":\"none\",\"block_align\":\"center\",\"css\":\"@media (max-width: 1460px)  {\\n\\t.el-element { margin-bottom: 70px; }\\n}\",\"grid_column_gap\":\"small\",\"grid_row_gap\":\"small\",\"margin\":\"default\",\"margin_remove_bottom\":false,\"maxwidth\":\"medium\",\"parallax_x\":\"100,150\",\"position\":\"relative\",\"position_top\":\"20\",\"text_align\":\"center\",\"text_align_breakpoint\":\"xl\",\"text_align_fallback\":\"center\"},\"children\":[{\"type\":\"button_item\",\"props\":{\"button_style\":\"primary\",\"content\":\"\",\"dialog_layout\":\"modal\",\"dialog_offcanvas_flip\":true,\"icon\":\"plus\",\"icon_align\":\"left\",\"link\":\"realisations\\\/\",\"link_de_de\":\"de\\\/realisations\\\/\",\"link_en_gb\":\"en\\\/realisations\\\/\"}}]}]}]},{\"type\":\"row\",\"children\":[{\"type\":\"column\",\"props\":{\"image_position\":\"center-center\",\"position_sticky_breakpoint\":\"m\"}}]}]},{\"name\":\"Team\",\"type\":\"section\",\"props\":{\"image\":\"wp-content\\\/uploads\\\/2025\\\/11\\\/animation_loop_reverse_2.svg\",\"image_effect\":\"parallax\",\"image_parallax_bgy\":\"50,-90\",\"image_parallax_breakpoint\":\"m\",\"image_parallax_easing\":\"1\",\"image_position\":\"top-center\",\"image_size\":\"cover\",\"padding\":\"large\",\"padding_remove_bottom\":false,\"style\":\"default\",\"title_breakpoint\":\"\",\"title_position\":\"center-right\",\"title_rotation\":\"left\",\"vertical_align\":\"\",\"width\":\"large\"},\"children\":[{\"type\":\"row\",\"props\":{\"layout\":\"1-3,2-3\",\"margin\":\"xlarge\",\"margin_remove_bottom\":true},\"children\":[{\"type\":\"column\",\"props\":{\"image_position\":\"center-center\",\"position_sticky_breakpoint\":\"m\",\"vertical_align\":\"middle\",\"width_medium\":\"1-3\"},\"children\":[{\"type\":\"divider\",\"props\":{\"divider_align\":\"left\",\"divider_align_breakpoint\":\"m\",\"divider_align_fallback\":\"center\",\"divider_element\":\"div\",\"divider_style\":\"small\"}},{\"type\":\"headline\",\"props\":{\"animation\":\"parallax\",\"block_align\":\"center\",\"content\":\"\n\n<p>UNE \\u00c9QUIPE PROFESSIONNELLE<\\\/p>\",\"content_de_de\":\"\n\n<p>EIN PROFESSIONELLES TEAM<\\\/p>\",\"content_en_gb\":\"\n\n<p>A PROFESSIONAL TEAM<\\\/p>\",\"margin\":\"medium\",\"margin_remove_top\":true,\"maxwidth_breakpoint\":\"m\",\"parallax_breakpoint\":\"m\",\"parallax_easing\":\"1\",\"parallax_end\":\"70vh + 70%\",\"parallax_opacity\":\"0.3,1\",\"parallax_y\":\"20,0\",\"text_align\":\"left\",\"text_align_breakpoint\":\"m\",\"text_align_fallback\":\"center\",\"title_element\":\"h2\",\"title_style\":\"h2\"}},{\"type\":\"button\",\"props\":{\"grid_column_gap\":\"small\",\"grid_row_gap\":\"small\",\"margin\":\"small\",\"text_align\":\"left\",\"text_align_breakpoint\":\"m\",\"text_align_fallback\":\"center\"},\"children\":[{\"type\":\"button_item\",\"props\":{\"button_style\":\"primary\",\"content\":\"En savoir plus \",\"content_de_de\":\"Weitere Informationen \",\"content_en_gb\":\"Learn more \",\"dialog_layout\":\"modal\",\"dialog_offcanvas_flip\":true,\"icon_align\":\"left\",\"link\":\"portrait\\\/\",\"link_de_de\":\"de\\\/portrait\\\/\",\"link_en_gb\":\"en\\\/portrait\\\/\"}}]}]},{\"type\":\"column\",\"props\":{\"image_position\":\"center-center\",\"position_sticky_breakpoint\":\"m\",\"width_medium\":\"2-3\"},\"children\":[{\"type\":\"image\",\"props\":{\"image\":\"wp-content\\\/uploads\\\/2025\\\/08\\\/StandConcept_PhotosPortraits_16-scaled.jpg\",\"image_svg_color\":\"emphasis\",\"margin\":\"default\"}}]}]}]},{\"name\":\"Call to Action\",\"type\":\"section\",\"props\":{\"image_position\":\"center-center\",\"padding_remove_bottom\":true,\"padding_remove_top\":true,\"style\":\"default\",\"text_color\":\"light\",\"title_breakpoint\":\"xl\",\"title_position\":\"top-left\",\"title_rotation\":\"left\",\"vertical_align\":\"\",\"video_height\":1080,\"video_width\":1920,\"width\":\"\"},\"children\":[{\"type\":\"row\",\"children\":[{\"type\":\"column\",\"props\":{\"image_position\":\"center-center\",\"image_size\":\"cover\",\"image_width\":\"1600\",\"media_overlay\":\"rgba(0, 0, 0, 0.45)\",\"padding\":\"large\",\"position_sticky_breakpoint\":\"m\",\"text_color\":\"light\",\"vertical_align\":\"middle\",\"video\":\"wp-content\\\/uploads\\\/2025\\\/09\\\/Video_Accueil.mp4\",\"video_width\":100,\"width_medium\":\"1-1\"},\"children\":[{\"type\":\"image\",\"props\":{\"image\":\"wp-content\\\/uploads\\\/cta-icon.svg\",\"image_svg_color\":\"emphasis\",\"image_svg_inline\":true,\"margin\":\"default\",\"text_align\":\"center\"}},{\"type\":\"headline\",\"props\":{\"content\":\"Vous souhaitez r\\u00e9aliser un projet ?\",\"content_de_de\":\"M\\u00f6chten Sie ein Projekt realisieren?\",\"content_en_gb\":\"Would you like to carry out a project?\",\"margin\":\"default\",\"text_align\":\"center\",\"title_element\":\"h2\",\"title_style\":\"h5\"}},{\"type\":\"button\",\"props\":{\"button_size\":\"large\",\"fullwidth\":false,\"grid_column_gap\":\"\",\"grid_row_gap\":\"\",\"margin\":\"large\",\"margin_remove_bottom\":false,\"text_align\":\"center\"},\"children\":[{\"type\":\"button_item\",\"props\":{\"button_style\":\"secondary\",\"content\":\"Contactez-nous\",\"content_de_de\":\"Kontaktieren Sie uns\",\"content_en_gb\":\"Contact Us\",\"dialog_layout\":\"modal\",\"dialog_offcanvas_flip\":true,\"icon_align\":\"left\",\"link\":\"contact\\\/\",\"link_de_de\":\"de\\\/contact\\\/\",\"link_en_gb\":\"en\\\/contact\\\/\"}}]}]}]}]}],\"version\":\"4.5.24\"} --><\/p>\n","protected":false},"excerpt":{"rendered":"<p>NOS SERVICES Plus qu\u2019un stand d&#8217;exposition. Un univers. Nous concevons des\u00a0stands d&#8217;exposition\u00a0dans lesquels se refl\u00e8te votre ADN. Nos r\u00e9alisations sont uniques. Elles expriment votre personnalit\u00e9 et l\u00e8vent le voile sur votre univers. Venez avec vos envies, nous nous chargeons du reste. De tout le reste. De l&#8217;\u00e9tude de votre projet au montage\u00a0\u00e0 une foire en [&hellip;]<\/p>\n","protected":false},"author":1,"featured_media":0,"parent":0,"menu_order":0,"comment_status":"closed","ping_status":"closed","template":"","meta":{"footnotes":""},"class_list":["post-9","page","type-page","status-publish","hentry"],"jetpack_sharing_enabled":true,"_links":{"self":[{"href":"https:\/\/standconcept.ch\/en\/wp-json\/wp\/v2\/pages\/9","targetHints":{"allow":["GET"]}}],"collection":[{"href":"https:\/\/standconcept.ch\/en\/wp-json\/wp\/v2\/pages"}],"about":[{"href":"https:\/\/standconcept.ch\/en\/wp-json\/wp\/v2\/types\/page"}],"author":[{"embeddable":true,"href":"https:\/\/standconcept.ch\/en\/wp-json\/wp\/v2\/users\/1"}],"replies":[{"embeddable":true,"href":"https:\/\/standconcept.ch\/en\/wp-json\/wp\/v2\/comments?post=9"}],"version-history":[{"count":272,"href":"https:\/\/standconcept.ch\/en\/wp-json\/wp\/v2\/pages\/9\/revisions"}],"predecessor-version":[{"id":8858,"href":"https:\/\/standconcept.ch\/en\/wp-json\/wp\/v2\/pages\/9\/revisions\/8858"}],"wp:attachment":[{"href":"https:\/\/standconcept.ch\/en\/wp-json\/wp\/v2\/media?parent=9"}],"curies":[{"name":"wp","href":"https:\/\/api.w.org\/{rel}","templated":true}]}}